{"id":2245,"date":"2018-10-06T08:56:09","date_gmt":"2018-10-06T12:56:09","guid":{"rendered":"http:\/\/foyerndo.com\/?page_id=2245"},"modified":"2020-09-13T16:50:17","modified_gmt":"2020-09-13T20:50:17","slug":"les-foyers-de-charite","status":"publish","type":"page","link":"https:\/\/www.foyerndo.org\/wordpress\/qui-sommes-nous\/les-foyers-de-charite\/","title":{"rendered":"Les Foyers de Charit\u00e9"},"content":{"rendered":"<p style=\"text-align: justify;\"><span style=\"color: #000000; font-size: 14pt;\">Les Foyers de Charit\u00e9 sont une \u0152uvre catholique internationale qui participe \u00e0 la nouvelle \u00e9vang\u00e9lisation par la pr\u00e9dication de retraites spirituelles de formation chr\u00e9tienne, ouvertes \u00e0 tous, croyants ou non. N\u00e9e en 1936 sous l&rsquo;impulsion de <a href=\"http:\/\/www.MartheRobin.com\">Marthe Robin<\/a> et du P\u00e8re Finet, l&rsquo;\u0152uvre est maintenant r\u00e9partie <a href=\"https:\/\/www.lesfoyersdecharite.com\/les-foyers-de-charite-dans-le-monde\/\">dans une quarantaine de pays<\/a>.\u00a0<\/span><\/p>\n<p style=\"text-align: justify;\"><span style=\"color: #000000; font-size: 14pt;\">Les Foyers de Charit\u00e9 regroupent des baptis\u00e9s, hommes et femmes vivant en communaut\u00e9, r\u00e9unis autour d&rsquo;un pr\u00eatre, le p\u00e8re du Foyer, t\u00e9moin de la paternit\u00e9 de Dieu. R\u00e9pondant \u00e0 l&rsquo;appel de Dieu, les membres du Foyer de Charit\u00e9 s&rsquo;engagent \u00e0 vie pour l&rsquo;annonce de l&rsquo;\u00c9vangile et partagent une vie de famille, de pri\u00e8re et de travail li\u00e9e \u00e0 l&rsquo;accueil des retraitants.Par leur travail, leur pri\u00e8re, leur t\u00e9moignage, leur vie fraternelle et leur accueil, se confiant chaque jour \u00e0 la Vierge Marie, ils manifestent l\u2019amour de Dieu pour tous et la beaut\u00e9 de la vie avec le Christ.\u00a0 (Statuts des Foyers de Charit\u00e9)<\/span><\/p>\n<p style=\"text-align: center;\"><em><strong>\u00ab Montrer J\u00e9sus aimant pour qu&rsquo;Il soit J\u00e9sus aim\u00e9! \u00bb<\/strong><br \/>\n<\/em><span style=\"font-family: inherit; line-height: 1.6;\">\u00a0 \u00a0 \u00a0 \u00a0 \u00a0 \u00a0 \u00a0 \u00a0 \u00a0 \u00a0 \u00a0 \u00a0 \u00a0 \u00a0 \u00a0 \u00a0 \u00a0 \u00a0 \u00a0 \u00a0 \u00a0 \u00a0 \u00a0 \u00a0 \u00a0 \u00a0 \u00a0 \u00a0 \u00a0 \u00a0 <a href=\"https:\/\/www.facebook.com\/MartheRobin\/\">Marthe Robin<\/a><\/span><\/p>\n<p style=\"text-align: left;\" align=\"center\">\ud83d\ude2f \u00a0<a href=\"https:\/\/www.lesfoyersdecharite.com\/les-foyers-de-charite-dans-le-monde\/\" target=\"_blank\" rel=\"noopener noreferrer\">Voir tous les Foyers dans le monde<\/a><\/p>\n<ul class=\"sxc-follow-buttons\"><li class=\"sxc-follow-button\">\n                        <a\n                            href=\"https:\/\/www.facebook.com\/NotreDameDOrleans\"\n                            \n                            title=\"Facebook\"\n                            target=\"_self\"\n                        >\n                            <img decoding=\"async\"\n                                src=\"https:\/\/www.foyerndo.org\/wordpress\/wp-content\/plugins\/social-media-buttons-toolbar\/inc\/img\/social-media-icons\/facebook.png\"\n                                alt=\"Facebook\"\n                            \/>\n                        <\/a>\n                    <\/li><\/ul>\n<div class=\"su-button-center\"><a href=\"http:\/\/foyerndo.com\/nous-joindre\/\" class=\"su-button su-button-style-default\" style=\"color:#FFFFFF;background-color:#2D89EF;border-color:#246ec0;border-radius:5px\" target=\"_self\"><span style=\"color:#FFFFFF;padding:0px 16px;font-size:13px;line-height:26px;border-color:#6cadf4;border-radius:5px;text-shadow:none\"> Nous joindre<\/span><\/a><\/div>\n<p style=\"text-align: justify;\">\n","protected":false},"excerpt":{"rendered":"<p>Les Foyers de Charit\u00e9 sont une \u0152uvre catholique internationale qui participe \u00e0 la nouvelle \u00e9vang\u00e9lisation par la pr\u00e9dication de retraites spirituelles de formation chr\u00e9tienne, ouvertes \u00e0 tous, croyants ou non. N\u00e9e en 1936 sous l&rsquo;impulsion de Marthe Robin et du P\u00e8re Finet, l&rsquo;\u0152uvre est maintenant r\u00e9partie dans une quarantaine de pays.\u00a0 Les Foyers de Charit\u00e9 regroupent des baptis\u00e9s, hommes et femmes vivant en communaut\u00e9, r\u00e9unis autour d&rsquo;un pr\u00eatre, le p\u00e8re du Foyer, t\u00e9moin de la paternit\u00e9 de Dieu. R\u00e9pondant \u00e0&hellip;<\/p>\n","protected":false},"author":5,"featured_media":0,"parent":1523,"menu_order":16,"comment_status":"closed","ping_status":"closed","template":"","meta":{"footnotes":""},"class_list":["post-2245","page","type-page","status-publish","hentry"],"_links":{"self":[{"href":"https:\/\/www.foyerndo.org\/wordpress\/wp-json\/wp\/v2\/pages\/2245","targetHints":{"allow":["GET"]}}],"collection":[{"href":"https:\/\/www.foyerndo.org\/wordpress\/wp-json\/wp\/v2\/pages"}],"about":[{"href":"https:\/\/www.foyerndo.org\/wordpress\/wp-json\/wp\/v2\/types\/page"}],"author":[{"embeddable":true,"href":"https:\/\/www.foyerndo.org\/wordpress\/wp-json\/wp\/v2\/users\/5"}],"replies":[{"embeddable":true,"href":"https:\/\/www.foyerndo.org\/wordpress\/wp-json\/wp\/v2\/comments?post=2245"}],"version-history":[{"count":3,"href":"https:\/\/www.foyerndo.org\/wordpress\/wp-json\/wp\/v2\/pages\/2245\/revisions"}],"predecessor-version":[{"id":2694,"href":"https:\/\/www.foyerndo.org\/wordpress\/wp-json\/wp\/v2\/pages\/2245\/revisions\/2694"}],"up":[{"embeddable":true,"href":"https:\/\/www.foyerndo.org\/wordpress\/wp-json\/wp\/v2\/pages\/1523"}],"wp:attachment":[{"href":"https:\/\/www.foyerndo.org\/wordpress\/wp-json\/wp\/v2\/media?parent=2245"}],"curies":[{"name":"wp","href":"https:\/\/api.w.org\/{rel}","templated":true}]}}