{"id":1393,"date":"2018-01-04T17:11:00","date_gmt":"2018-01-04T22:11:00","guid":{"rendered":"http:\/\/foyerndo.com\/?page_id=1393"},"modified":"2026-02-07T21:02:32","modified_gmt":"2026-02-08T02:02:32","slug":"venez-a-lecart","status":"publish","type":"page","link":"https:\/\/www.foyerndo.org\/wordpress\/programme\/venez-a-lecart\/","title":{"rendered":"Venez \u00e0 l&rsquo;\u00e9cart"},"content":{"rendered":"<h1><span style=\"color: #ff6600;\"><span style=\"caret-color: #ff6600;\">Venez \u00e0 l\u2019\u00e9cart<\/span><\/span><\/h1>\n<p><span style=\"font-size: 14pt;\">Dans une soci\u00e9t\u00e9 o\u00f9 tout va rapidement, o\u00f9 il y a du stress, des tensions\u2026 le Foyer vous invite \u00e0 venir vous d\u00e9poser dans le silence, dans la beaut\u00e9 de la nature. Pourquoi ne pas y passer la journ\u00e9e, en apportant votre repas du midi.<\/span><\/p>\n<p>.<img loading=\"lazy\" decoding=\"async\" class=\"size-medium wp-image-1460 alignright\" src=\"https:\/\/www.foyerndo.org\/wp-content\/uploads\/2018\/01\/DEM_3581-300x199.jpg\" alt=\"\" width=\"300\" height=\"199\" srcset=\"https:\/\/foyerndo.com\/wp-content\/uploads\/2018\/01\/DEM_3581-300x199.jpg 300w, https:\/\/foyerndo.com\/wp-content\/uploads\/2018\/01\/DEM_3581-768x510.jpg 768w, https:\/\/foyerndo.com\/wp-content\/uploads\/2018\/01\/DEM_3581-1024x680.jpg 1024w, https:\/\/foyerndo.com\/wp-content\/uploads\/2018\/01\/DEM_3581-250x166.jpg 250w, https:\/\/foyerndo.com\/wp-content\/uploads\/2018\/01\/DEM_3581-600x400.jpg 600w\" sizes=\"auto, (max-width: 300px) 100vw, 300px\" \/><span style=\"color: #000000; font-size: 14pt;\">Adoration durant la journ\u00e9e \u00e0 partir de <\/span><strong style=\"color: #000000; font-size: 14pt;\">9h30<\/strong><span style=\"color: #000000; font-size: 14pt;\"> pour terminer avec l&rsquo;Eucharistie \u00e0 <\/span><strong style=\"color: #000000; font-size: 14pt;\">15h30<\/strong><\/p>\n<h1><span style=\"color: #ff6600;\">Journ\u00e9es de ressourcement<\/span><\/h1>\n<p><img loading=\"lazy\" decoding=\"async\" class=\"alignnone size-medium wp-image-1459 alignright\" src=\"https:\/\/www.foyerndo.org\/wp-content\/uploads\/2018\/01\/DEM2532-300x200.jpg\" alt=\"\" width=\"300\" height=\"200\" srcset=\"https:\/\/foyerndo.com\/wp-content\/uploads\/2018\/01\/DEM2532-300x200.jpg 300w, https:\/\/foyerndo.com\/wp-content\/uploads\/2018\/01\/DEM2532-768x512.jpg 768w, https:\/\/foyerndo.com\/wp-content\/uploads\/2018\/01\/DEM2532-1024x683.jpg 1024w, https:\/\/foyerndo.com\/wp-content\/uploads\/2018\/01\/DEM2532-250x167.jpg 250w, https:\/\/foyerndo.com\/wp-content\/uploads\/2018\/01\/DEM2532-600x400.jpg 600w\" sizes=\"auto, (max-width: 300px) 100vw, 300px\" \/><\/p>\n<p><span style=\"font-size: 14pt;\">Durant ces journ\u00e9es, nous faisons le lien entre les Psaumes et notre vie.<\/span><\/p>\n<p><span style=\"font-size: 14pt; color: #000000;\">De <strong>9h30 \u00e0 16h30:<\/strong> enseignement, pri\u00e8re du rosaire et temps d&rsquo;adoration.<\/span><\/p>\n<p>&nbsp;<\/p>\n<p><span style=\"color: #000000; font-size: 12pt;\">Pour obtenir de l&rsquo;information, veuillez communiquer <\/span><br \/>\n<span style=\"color: #000000; font-size: 12pt;\"> par t\u00e9l\u00e9phone au:\u00a0<span style=\"color: #0000ff;\"><strong>418-828-2226 <\/strong><\/span>ou par courriel: <span style=\"color: #0000ff;\"><strong>info@foyerndo.com<\/strong><\/span><\/span><\/p>\n<h1><span style=\"color: #ff6600;\">Quelques dates sp\u00e9ciales<\/span><\/h1>\n<table style=\"width: 130.25%; height: 209px;\">\n<tbody>\n<tr style=\"height: 40px;\">\n<td style=\"width: 18.6696%; height: 40px;\"><span style=\"color: #000000; font-size: 18pt; background-color: #ff6600;\">18 f\u00e9vrier<\/span><\/td>\n<td style=\"width: 108.443%; height: 40px;\"><span style=\"color: #000000;\"><span style=\"font-size: 18.6667px;\"><strong>Mercredi des Cendres<\/strong>.\u00a0<em><strong>\u00a0<\/strong><\/em><\/span><\/span><\/td>\n<\/tr>\n<tr style=\"height: 40px;\">\n<td style=\"width: 18.6696%; height: 40px;\"><span style=\"color: #000000; font-size: 18pt; background-color: #ff6600;\">19 mars<\/span><\/td>\n<td style=\"width: 108.443%; height: 40px;\"><span style=\"color: #000000;\"><span style=\"font-size: 18.6667px;\"> <span style=\"color: #000000; font-size: large;\"><span><strong>Demi-journ\u00e9e de pri\u00e8re<\/strong>.\u00a0<\/span><\/span>F\u00eate de saint Joseph. \u00a0<em>Un homme de foi.<br \/>\n<\/em><strong>13h30 \/ Messe 16h00<\/strong><\/span><\/span><\/td>\n<\/tr>\n<tr style=\"height: 40px;\">\n<td style=\"width: 18.6696%; height: 40px;\"><span style=\"color: #000000; font-size: 18pt; background-color: #ff6600;\">23 mai<\/span><\/td>\n<td style=\"width: 108.443%; height: 40px;\"><span style=\"font-size: 14pt;\"><span style=\"color: #000000;\"><span style=\"font-size: 18.6667px;\"><strong>Veill\u00e9e de la Pentec\u00f4te<\/strong><br \/>\n<\/span><\/span><\/span><strong><span style=\"font-size: 14pt;\"><span style=\"color: #000000;\"><span style=\"font-size: 18.6667px;\">18h30 \u00e0 21h30.<\/span><\/span><\/span><\/strong><\/td>\n<\/tr>\n<tr style=\"height: 40px;\">\n<td style=\"width: 18.6696%; height: 40px;\"><\/td>\n<td style=\"width: 108.443%; height: 40px;\"><\/td>\n<\/tr>\n<tr style=\"height: 49px;\">\n<td style=\"width: 18.6696%; height: 49px;\"><\/td>\n<td style=\"width: 108.443%; height: 49px;\"><\/td>\n<\/tr>\n<\/tbody>\n<\/table>\n<p>&nbsp;<\/p>\n","protected":false},"excerpt":{"rendered":"<p>Venez \u00e0 l\u2019\u00e9cart Dans une soci\u00e9t\u00e9 o\u00f9 tout va rapidement, o\u00f9 il y a du stress, des tensions\u2026 le Foyer vous invite \u00e0 venir vous d\u00e9poser dans le silence, dans la beaut\u00e9 de la nature. Pourquoi ne pas y passer la journ\u00e9e, en apportant votre repas du midi. .Adoration durant la journ\u00e9e \u00e0 partir de 9h30 pour terminer avec l&rsquo;Eucharistie \u00e0 15h30 Journ\u00e9es de ressourcement Durant ces journ\u00e9es, nous faisons le lien entre les Psaumes et notre vie. De 9h30&hellip;<\/p>\n","protected":false},"author":5,"featured_media":0,"parent":49,"menu_order":12,"comment_status":"closed","ping_status":"closed","template":"","meta":{"footnotes":""},"class_list":["post-1393","page","type-page","status-publish","hentry"],"_links":{"self":[{"href":"https:\/\/www.foyerndo.org\/wordpress\/wp-json\/wp\/v2\/pages\/1393","targetHints":{"allow":["GET"]}}],"collection":[{"href":"https:\/\/www.foyerndo.org\/wordpress\/wp-json\/wp\/v2\/pages"}],"about":[{"href":"https:\/\/www.foyerndo.org\/wordpress\/wp-json\/wp\/v2\/types\/page"}],"author":[{"embeddable":true,"href":"https:\/\/www.foyerndo.org\/wordpress\/wp-json\/wp\/v2\/users\/5"}],"replies":[{"embeddable":true,"href":"https:\/\/www.foyerndo.org\/wordpress\/wp-json\/wp\/v2\/comments?post=1393"}],"version-history":[{"count":43,"href":"https:\/\/www.foyerndo.org\/wordpress\/wp-json\/wp\/v2\/pages\/1393\/revisions"}],"predecessor-version":[{"id":2427,"href":"https:\/\/www.foyerndo.org\/wordpress\/wp-json\/wp\/v2\/pages\/1393\/revisions\/2427"}],"up":[{"embeddable":true,"href":"https:\/\/www.foyerndo.org\/wordpress\/wp-json\/wp\/v2\/pages\/49"}],"wp:attachment":[{"href":"https:\/\/www.foyerndo.org\/wordpress\/wp-json\/wp\/v2\/media?parent=1393"}],"curies":[{"name":"wp","href":"https:\/\/api.w.org\/{rel}","templated":true}]}}